{"id":156,"date":"2023-04-21T01:14:22","date_gmt":"2023-04-21T01:14:22","guid":{"rendered":"https:\/\/fmactiv.org\/?page_id=156"},"modified":"2023-05-09T02:11:14","modified_gmt":"2023-05-09T02:11:14","slug":"quienes-somos","status":"publish","type":"page","link":"https:\/\/fmactiv.org\/index.php\/quienes-somos\/","title":{"rendered":"Qui\u00e9nes Somos"},"content":{"rendered":"\n<p><strong><mark style=\"background-color:rgba(0, 0, 0, 0)\" class=\"has-inline-color has-vivid-cyan-blue-color\">\u00bfQui\u00e9nes Somos? <\/mark><\/strong><\/p>\n\n\n\n<p><strong><mark style=\"background-color:rgba(0, 0, 0, 0)\" class=\"has-inline-color has-black-color\">Somos un Organismo Federativo.- Promotor, T\u00e9cnico, Jur\u00eddico, Comercial, Desarrollo Profesional, de Regulaci\u00f3n, Rector y de Servicio donde su principal funci\u00f3n es avalar y respaldar la operatividad profesional de sus socios federativos conformado por trabajadores, profesionales, microempresas, centros y Organizaciones, siendo un equipo conjunto e integrado para generar, trabajar o promover actividades con el objetivo de bienestar f\u00edsico, emocional y desarrollo humano hacia un impacto social, Aliado Estrat\u00e9gico del sector tur\u00edstico, recreativo, esparcimiento, entretenimiento y tiempo libre, deportivo, de naturaleza, aventura, ecoturismo, cultural as\u00ed como de eventos multitudinarios y masivos, con el prop\u00f3sito de fortalecer, Incrementar la estad\u00eda y visitas a lugares, ser una entidad econ\u00f3mica y establecer el segmento de experiencias, siendo Representante de las Actividades y la Recreaci\u00f3n en M\u00e9xico<\/mark><\/strong><\/p>\n\n\n\n<p><\/p>\n\n\n\n<div class=\"wp-block-columns is-layout-flex wp-container-core-columns-is-layout-9d6595d7 wp-block-columns-is-layout-flex\">\n<div class=\"wp-block-column is-layout-flow wp-block-column-is-layout-flow\"><\/div>\n\n\n\n<div class=\"wp-block-column is-layout-flow wp-block-column-is-layout-flow\"><\/div>\n<\/div>\n\n\n\n<div class=\"wp-block-columns is-layout-flex wp-container-core-columns-is-layout-9d6595d7 wp-block-columns-is-layout-flex\">\n<div class=\"wp-block-column is-layout-flow wp-block-column-is-layout-flow\" style=\"flex-basis:66.66%\">\n<p><strong><mark style=\"background-color:rgba(0, 0, 0, 0)\" class=\"has-inline-color has-vivid-cyan-blue-color\">Misi\u00f3n<\/mark><\/strong><\/p>\n\n\n\n<p><strong><mark style=\"background-color:rgba(0, 0, 0, 0)\" class=\"has-inline-color has-black-color\">Ser un Organismo Federativo que Represente, Avale, Respalde y Fortalezca al segmento de experiencias, actividades tur\u00edsticas, recreaci\u00f3n, actividad f\u00edsica deportiva y cultural, a nivel nacional generando desarrollo, rentabilidad, especializaci\u00f3n, visibilidad y productividad a Profesionales, Microempresas, Centros y Organizaciones, en sus seis dimensiones direccionales; promotor, jur\u00eddico, t\u00e9cnico, comercial, desarrollo profesional y servicio.<\/mark><\/strong><\/p>\n\n\n\n<p><\/p>\n<\/div>\n\n\n\n<div class=\"wp-block-column is-layout-flow wp-block-column-is-layout-flow\" style=\"flex-basis:33.33%\"><div class=\"wp-block-image\">\n<figure class=\"alignleft size-large is-resized\"><img loading=\"lazy\" decoding=\"async\" src=\"https:\/\/fmactiv.org\/wp-content\/uploads\/2023\/04\/ballena-1-1024x512.jpg\" alt=\"\" class=\"wp-image-171\" width=\"262\" height=\"131\" srcset=\"https:\/\/fmactiv.org\/wp-content\/uploads\/2023\/04\/ballena-1-1024x512.jpg 1024w, https:\/\/fmactiv.org\/wp-content\/uploads\/2023\/04\/ballena-1-300x150.jpg 300w, https:\/\/fmactiv.org\/wp-content\/uploads\/2023\/04\/ballena-1-768x384.jpg 768w, https:\/\/fmactiv.org\/wp-content\/uploads\/2023\/04\/ballena-1-1536x768.jpg 1536w, https:\/\/fmactiv.org\/wp-content\/uploads\/2023\/04\/ballena-1-1920x960.jpg 1920w, https:\/\/fmactiv.org\/wp-content\/uploads\/2023\/04\/ballena-1.jpg 2000w\" sizes=\"auto, (max-width: 262px) 100vw, 262px\" \/><\/figure><\/div><\/div>\n<\/div>\n\n\n\n<div class=\"wp-block-columns is-layout-flex wp-container-core-columns-is-layout-9d6595d7 wp-block-columns-is-layout-flex\">\n<div class=\"wp-block-column is-layout-flow wp-block-column-is-layout-flow\" style=\"flex-basis:66.66%\">\n<p><strong><mark style=\"background-color:rgba(0, 0, 0, 0)\" class=\"has-inline-color has-vivid-cyan-blue-color\">Visi\u00f3n<\/mark><\/strong><\/p>\n\n\n\n<p><strong><mark style=\"background-color:rgba(0, 0, 0, 0)\" class=\"has-inline-color has-black-color\">Que se establezca un segmento de actividades y el reconocimiento al servicio operativo de valor comercial, de los profesionales, microempresas y centros que generen, promuevan o integren actividades, para su crecimiento y consolidaci\u00f3n en estructura jur\u00eddica, administrativa, t\u00e9cnica y generador de empleo sostenible, integr\u00e1ndose al Sector Tur\u00edstico, Mice, Recreativo, Deportivo y Cultura<\/mark><\/strong>l<\/p>\n<\/div>\n\n\n\n<div class=\"wp-block-column is-layout-flow wp-block-column-is-layout-flow\" style=\"flex-basis:33.33%\"><div class=\"wp-block-image\">\n<figure class=\"alignleft size-full is-resized\"><img loading=\"lazy\" decoding=\"async\" src=\"https:\/\/fmactiv.org\/wp-content\/uploads\/2023\/04\/paquetetirolesas01.jpg\" alt=\"\" class=\"wp-image-172\" width=\"146\" height=\"159\" srcset=\"https:\/\/fmactiv.org\/wp-content\/uploads\/2023\/04\/paquetetirolesas01.jpg 413w, https:\/\/fmactiv.org\/wp-content\/uploads\/2023\/04\/paquetetirolesas01-275x300.jpg 275w\" sizes=\"auto, (max-width: 146px) 100vw, 146px\" \/><\/figure><\/div><\/div>\n<\/div>\n","protected":false},"excerpt":{"rendered":"<p>\u00bfQui\u00e9nes Somos? Somos un Organismo Federativo.- Promotor, T\u00e9cnico, Jur\u00eddico, Comercial, Desarrollo Profesional, de Regulaci\u00f3n, Rector y de Servicio donde su principal funci\u00f3n es avalar y respaldar la operatividad profesional de sus socios federativos conformado por trabajadores, profesionales, microempresas, centros y Organizaciones, siendo un equipo conjunto e integrado para generar, trabajar o promover actividades con el&hellip; <br \/> <a class=\"read-more\" href=\"https:\/\/fmactiv.org\/index.php\/quienes-somos\/\">Leer m\u00e1s<\/a><\/p>\n","protected":false},"author":1,"featured_media":0,"parent":0,"menu_order":0,"comment_status":"closed","ping_status":"closed","template":"","meta":{"footnotes":""},"class_list":["post-156","page","type-page","status-publish","hentry"],"yoast_head":"<!-- This site is optimized with the Yoast SEO plugin v20.5 - https:\/\/yoast.com\/wordpress\/plugins\/seo\/ -->\n<title>Qui\u00e9nes Somos - fmactiv<\/title>\n<meta name=\"description\" content=\"Somos un Organismo Federativo, Promotor, T\u00e9cnico, Jur\u00eddico, Comercial, de regulaci\u00f3n, rector y de servicio donde su principal funci\u00f3n\" \/>\n<meta name=\"robots\" content=\"index, follow, max-snippet:-1, max-image-preview:large, max-video-preview:-1\" \/>\n<link rel=\"canonical\" href=\"https:\/\/fmactiv.org\/index.php\/quienes-somos\/\" \/>\n<meta property=\"og:locale\" content=\"es_ES\" \/>\n<meta property=\"og:type\" content=\"article\" \/>\n<meta property=\"og:title\" content=\"Qui\u00e9nes Somos - fmactiv\" \/>\n<meta property=\"og:description\" content=\"Somos un Organismo Federativo, Promotor, T\u00e9cnico, Jur\u00eddico, Comercial, de regulaci\u00f3n, rector y de servicio donde su principal funci\u00f3n\" \/>\n<meta property=\"og:url\" content=\"https:\/\/fmactiv.org\/index.php\/quienes-somos\/\" \/>\n<meta property=\"og:site_name\" content=\"fmactiv\" \/>\n<meta property=\"article:modified_time\" content=\"2023-05-09T02:11:14+00:00\" \/>\n<meta property=\"og:image\" content=\"https:\/\/fmactiv.org\/wp-content\/uploads\/2023\/04\/Jaguar-200-1.jpg\" \/>\n\t<meta property=\"og:image:width\" content=\"300\" \/>\n\t<meta property=\"og:image:height\" content=\"421\" \/>\n\t<meta property=\"og:image:type\" content=\"image\/jpeg\" \/>\n<meta name=\"twitter:card\" content=\"summary_large_image\" \/>\n<meta name=\"twitter:image\" content=\"https:\/\/fmactiv.org\/wp-content\/uploads\/2023\/04\/Jaguar-200-1.jpg\" \/>\n<meta name=\"twitter:label1\" content=\"Tiempo de lectura\" \/>\n\t<meta name=\"twitter:data1\" content=\"2 minutos\" \/>\n<script type=\"application\/ld+json\" class=\"yoast-schema-graph\">{\"@context\":\"https:\/\/schema.org\",\"@graph\":[{\"@type\":[\"Article\",\"BlogPosting\"],\"@id\":\"https:\/\/fmactiv.org\/index.php\/quienes-somos\/#article\",\"isPartOf\":{\"@id\":\"https:\/\/fmactiv.org\/index.php\/quienes-somos\/\"},\"author\":{\"name\":\"admin\",\"@id\":\"https:\/\/fmactiv.org\/#\/schema\/person\/eb0397310d6573df3af21d107b67317f\"},\"headline\":\"Qui\u00e9nes Somos\",\"datePublished\":\"2023-04-21T01:14:22+00:00\",\"dateModified\":\"2023-05-09T02:11:14+00:00\",\"mainEntityOfPage\":{\"@id\":\"https:\/\/fmactiv.org\/index.php\/quienes-somos\/\"},\"wordCount\":259,\"publisher\":{\"@id\":\"https:\/\/fmactiv.org\/#organization\"},\"inLanguage\":\"es\"},{\"@type\":\"WebPage\",\"@id\":\"https:\/\/fmactiv.org\/index.php\/quienes-somos\/\",\"url\":\"https:\/\/fmactiv.org\/index.php\/quienes-somos\/\",\"name\":\"Qui\u00e9nes Somos - fmactiv\",\"isPartOf\":{\"@id\":\"https:\/\/fmactiv.org\/#website\"},\"datePublished\":\"2023-04-21T01:14:22+00:00\",\"dateModified\":\"2023-05-09T02:11:14+00:00\",\"description\":\"Somos un Organismo Federativo, Promotor, T\u00e9cnico, Jur\u00eddico, Comercial, de regulaci\u00f3n, rector y de servicio donde su principal funci\u00f3n\",\"breadcrumb\":{\"@id\":\"https:\/\/fmactiv.org\/index.php\/quienes-somos\/#breadcrumb\"},\"inLanguage\":\"es\",\"potentialAction\":[{\"@type\":\"ReadAction\",\"target\":[\"https:\/\/fmactiv.org\/index.php\/quienes-somos\/\"]}]},{\"@type\":\"BreadcrumbList\",\"@id\":\"https:\/\/fmactiv.org\/index.php\/quienes-somos\/#breadcrumb\",\"itemListElement\":[{\"@type\":\"ListItem\",\"position\":1,\"name\":\"Portada\",\"item\":\"https:\/\/fmactiv.org\/\"},{\"@type\":\"ListItem\",\"position\":2,\"name\":\"Qui\u00e9nes Somos\"}]},{\"@type\":\"WebSite\",\"@id\":\"https:\/\/fmactiv.org\/#website\",\"url\":\"https:\/\/fmactiv.org\/\",\"name\":\"fmactiv\",\"description\":\"\",\"publisher\":{\"@id\":\"https:\/\/fmactiv.org\/#organization\"},\"potentialAction\":[{\"@type\":\"SearchAction\",\"target\":{\"@type\":\"EntryPoint\",\"urlTemplate\":\"https:\/\/fmactiv.org\/?s={search_term_string}\"},\"query-input\":\"required name=search_term_string\"}],\"inLanguage\":\"es\"},{\"@type\":\"Organization\",\"@id\":\"https:\/\/fmactiv.org\/#organization\",\"name\":\"fmactiv\",\"url\":\"https:\/\/fmactiv.org\/\",\"logo\":{\"@type\":\"ImageObject\",\"inLanguage\":\"es\",\"@id\":\"https:\/\/fmactiv.org\/#\/schema\/logo\/image\/\",\"url\":\"https:\/\/fmactiv.org\/wp-content\/uploads\/2025\/07\/900.jpg\",\"contentUrl\":\"https:\/\/fmactiv.org\/wp-content\/uploads\/2025\/07\/900.jpg\",\"width\":900,\"height\":333,\"caption\":\"fmactiv\"},\"image\":{\"@id\":\"https:\/\/fmactiv.org\/#\/schema\/logo\/image\/\"}},{\"@type\":\"Person\",\"@id\":\"https:\/\/fmactiv.org\/#\/schema\/person\/eb0397310d6573df3af21d107b67317f\",\"name\":\"admin\",\"image\":{\"@type\":\"ImageObject\",\"inLanguage\":\"es\",\"@id\":\"https:\/\/fmactiv.org\/#\/schema\/person\/image\/\",\"url\":\"https:\/\/secure.gravatar.com\/avatar\/41ebf5b7a10822f39dc26d9b1f2a14bdc89544ee1eb758d4a10247eefb5bea46?s=96&d=mm&r=g\",\"contentUrl\":\"https:\/\/secure.gravatar.com\/avatar\/41ebf5b7a10822f39dc26d9b1f2a14bdc89544ee1eb758d4a10247eefb5bea46?s=96&d=mm&r=g\",\"caption\":\"admin\"},\"sameAs\":[\"https:\/\/fmactiv.org\"],\"url\":\"https:\/\/fmactiv.org\/index.php\/author\/admin_sk026fsq\/\"}]}<\/script>\n<!-- \/ Yoast SEO plugin. -->","yoast_head_json":{"title":"Qui\u00e9nes Somos - fmactiv","description":"Somos un Organismo Federativo, Promotor, T\u00e9cnico, Jur\u00eddico, Comercial, de regulaci\u00f3n, rector y de servicio donde su principal funci\u00f3n","robots":{"index":"index","follow":"follow","max-snippet":"max-snippet:-1","max-image-preview":"max-image-preview:large","max-video-preview":"max-video-preview:-1"},"canonical":"https:\/\/fmactiv.org\/index.php\/quienes-somos\/","og_locale":"es_ES","og_type":"article","og_title":"Qui\u00e9nes Somos - fmactiv","og_description":"Somos un Organismo Federativo, Promotor, T\u00e9cnico, Jur\u00eddico, Comercial, de regulaci\u00f3n, rector y de servicio donde su principal funci\u00f3n","og_url":"https:\/\/fmactiv.org\/index.php\/quienes-somos\/","og_site_name":"fmactiv","article_modified_time":"2023-05-09T02:11:14+00:00","og_image":[{"width":300,"height":421,"url":"https:\/\/fmactiv.org\/wp-content\/uploads\/2023\/04\/Jaguar-200-1.jpg","type":"image\/jpeg"}],"twitter_card":"summary_large_image","twitter_image":"https:\/\/fmactiv.org\/wp-content\/uploads\/2023\/04\/Jaguar-200-1.jpg","twitter_misc":{"Tiempo de lectura":"2 minutos"},"schema":{"@context":"https:\/\/schema.org","@graph":[{"@type":["Article","BlogPosting"],"@id":"https:\/\/fmactiv.org\/index.php\/quienes-somos\/#article","isPartOf":{"@id":"https:\/\/fmactiv.org\/index.php\/quienes-somos\/"},"author":{"name":"admin","@id":"https:\/\/fmactiv.org\/#\/schema\/person\/eb0397310d6573df3af21d107b67317f"},"headline":"Qui\u00e9nes Somos","datePublished":"2023-04-21T01:14:22+00:00","dateModified":"2023-05-09T02:11:14+00:00","mainEntityOfPage":{"@id":"https:\/\/fmactiv.org\/index.php\/quienes-somos\/"},"wordCount":259,"publisher":{"@id":"https:\/\/fmactiv.org\/#organization"},"inLanguage":"es"},{"@type":"WebPage","@id":"https:\/\/fmactiv.org\/index.php\/quienes-somos\/","url":"https:\/\/fmactiv.org\/index.php\/quienes-somos\/","name":"Qui\u00e9nes Somos - fmactiv","isPartOf":{"@id":"https:\/\/fmactiv.org\/#website"},"datePublished":"2023-04-21T01:14:22+00:00","dateModified":"2023-05-09T02:11:14+00:00","description":"Somos un Organismo Federativo, Promotor, T\u00e9cnico, Jur\u00eddico, Comercial, de regulaci\u00f3n, rector y de servicio donde su principal funci\u00f3n","breadcrumb":{"@id":"https:\/\/fmactiv.org\/index.php\/quienes-somos\/#breadcrumb"},"inLanguage":"es","potentialAction":[{"@type":"ReadAction","target":["https:\/\/fmactiv.org\/index.php\/quienes-somos\/"]}]},{"@type":"BreadcrumbList","@id":"https:\/\/fmactiv.org\/index.php\/quienes-somos\/#breadcrumb","itemListElement":[{"@type":"ListItem","position":1,"name":"Portada","item":"https:\/\/fmactiv.org\/"},{"@type":"ListItem","position":2,"name":"Qui\u00e9nes Somos"}]},{"@type":"WebSite","@id":"https:\/\/fmactiv.org\/#website","url":"https:\/\/fmactiv.org\/","name":"fmactiv","description":"","publisher":{"@id":"https:\/\/fmactiv.org\/#organization"},"potentialAction":[{"@type":"SearchAction","target":{"@type":"EntryPoint","urlTemplate":"https:\/\/fmactiv.org\/?s={search_term_string}"},"query-input":"required name=search_term_string"}],"inLanguage":"es"},{"@type":"Organization","@id":"https:\/\/fmactiv.org\/#organization","name":"fmactiv","url":"https:\/\/fmactiv.org\/","logo":{"@type":"ImageObject","inLanguage":"es","@id":"https:\/\/fmactiv.org\/#\/schema\/logo\/image\/","url":"https:\/\/fmactiv.org\/wp-content\/uploads\/2025\/07\/900.jpg","contentUrl":"https:\/\/fmactiv.org\/wp-content\/uploads\/2025\/07\/900.jpg","width":900,"height":333,"caption":"fmactiv"},"image":{"@id":"https:\/\/fmactiv.org\/#\/schema\/logo\/image\/"}},{"@type":"Person","@id":"https:\/\/fmactiv.org\/#\/schema\/person\/eb0397310d6573df3af21d107b67317f","name":"admin","image":{"@type":"ImageObject","inLanguage":"es","@id":"https:\/\/fmactiv.org\/#\/schema\/person\/image\/","url":"https:\/\/secure.gravatar.com\/avatar\/41ebf5b7a10822f39dc26d9b1f2a14bdc89544ee1eb758d4a10247eefb5bea46?s=96&d=mm&r=g","contentUrl":"https:\/\/secure.gravatar.com\/avatar\/41ebf5b7a10822f39dc26d9b1f2a14bdc89544ee1eb758d4a10247eefb5bea46?s=96&d=mm&r=g","caption":"admin"},"sameAs":["https:\/\/fmactiv.org"],"url":"https:\/\/fmactiv.org\/index.php\/author\/admin_sk026fsq\/"}]}},"_links":{"self":[{"href":"https:\/\/fmactiv.org\/index.php\/wp-json\/wp\/v2\/pages\/156","targetHints":{"allow":["GET"]}}],"collection":[{"href":"https:\/\/fmactiv.org\/index.php\/wp-json\/wp\/v2\/pages"}],"about":[{"href":"https:\/\/fmactiv.org\/index.php\/wp-json\/wp\/v2\/types\/page"}],"author":[{"embeddable":true,"href":"https:\/\/fmactiv.org\/index.php\/wp-json\/wp\/v2\/users\/1"}],"replies":[{"embeddable":true,"href":"https:\/\/fmactiv.org\/index.php\/wp-json\/wp\/v2\/comments?post=156"}],"version-history":[{"count":10,"href":"https:\/\/fmactiv.org\/index.php\/wp-json\/wp\/v2\/pages\/156\/revisions"}],"predecessor-version":[{"id":178,"href":"https:\/\/fmactiv.org\/index.php\/wp-json\/wp\/v2\/pages\/156\/revisions\/178"}],"wp:attachment":[{"href":"https:\/\/fmactiv.org\/index.php\/wp-json\/wp\/v2\/media?parent=156"}],"curies":[{"name":"wp","href":"https:\/\/api.w.org\/{rel}","templated":true}]}}